{"id":1228,"date":"2024-10-04T13:58:46","date_gmt":"2024-10-04T11:58:46","guid":{"rendered":"http:\/\/efigect.cluster027.hosting.ovh.net\/?page_id=1228"},"modified":"2025-10-27T10:43:52","modified_gmt":"2025-10-27T09:43:52","slug":"mentionslegales","status":"publish","type":"page","link":"https:\/\/efigec.com\/index.php\/mentionslegales\/","title":{"rendered":"MENTIONS LEGALES"},"content":{"rendered":"\t\t<div data-elementor-type=\"wp-page\" data-elementor-id=\"1228\" class=\"elementor elementor-1228\">\n\t\t\t\t\t\t<section class=\"elementor-section elementor-top-section elementor-element elementor-element-ae0d290 elementor-section-boxed elementor-section-height-default elementor-section-height-default\" data-id=\"ae0d290\" data-element_type=\"section\">\n\t\t\t\t\t\t<div class=\"elementor-container elementor-column-gap-default\">\n\t\t\t\t\t<div class=\"elementor-column elementor-col-100 elementor-top-column elementor-element elementor-element-4d67cc5\" data-id=\"4d67cc5\" data-element_type=\"column\">\n\t\t\t<div class=\"elementor-widget-wrap elementor-element-populated\">\n\t\t\t\t\t\t<div class=\"elementor-element elementor-element-8810352 elementor-widget elementor-widget-text-editor\" data-id=\"8810352\" data-element_type=\"widget\" data-widget_type=\"text-editor.default\">\n\t\t\t\t<div class=\"elementor-widget-container\">\n\t\t\t\t\t\t\t\t\t<h2 class=\"wp-block-heading has-primary-color-color has-text-color\"><strong>Edition<\/strong><\/h2><p class=\"has-secondary-color-color has-text-color\">Ce site est \u00e9dit\u00e9 par\u00a0:<\/p><p class=\"has-secondary-color-color has-text-color\"><strong>EFIGEC<\/strong>(ci-apr\u00e8s \u00ab\u00a0l\u2019Editeur\u00a0\u00bb)<\/p><p class=\"has-secondary-color-color has-text-color\">SAS au capital de 5 000 \u20ac<\/p><p class=\"has-secondary-color-color has-text-color\">3, place de l\u2019Eglise 44630 PLESS\u00c9<\/p><p class=\"has-secondary-color-color has-text-color\">T\u00e9l\u00e9phone\u00a0: 06 71 09 13 43\u00a0<\/p><p class=\"has-secondary-color-color has-text-color\">RCS de RCS de SAINT-NAZAIRE :\u00a0\u00a0918088345<\/p><p class=\"has-secondary-color-color has-text-color\">TVA intracommunautaire\u00a0: FRA 02918088345<\/p><p class=\"has-secondary-color-color has-text-color\">Le Directeur de la publication est Madame\u00a0<strong>Ga\u00eblle BOUILLO\u00a0<\/strong><\/p><p class=\"has-secondary-color-color has-text-color\">L\u2019\u00c9diteur exerce une activit\u00e9 r\u00e9glement\u00e9e d\u2019expertise comptable en France, et est \u00e0 ce titre inscrit au tableau de l\u2019Ordre de la r\u00e9gion des Pays de la Loire. Il est soumis aux r\u00e8gles professionnelles applicables \u00e0 sa profession consultable sur<strong>\u00a0<a href=\"https:\/\/www.paysdelaloire.experts-comptables.fr\/\" target=\"_blank\" rel=\"noreferrer noopener\">\u00a0https:\/\/www.paysdelaloire.experts-comptables.fr\/<\/a><\/strong><\/p><h2 class=\"wp-block-heading has-primary-color-color has-text-color\"><strong>R\u00e9alisation<\/strong><\/h2><p class=\"has-secondary-color-color has-text-color\">Le Site a \u00e9t\u00e9 con\u00e7u et r\u00e9alis\u00e9 par\u00a0:<\/p><p class=\"has-secondary-color-color has-text-color\"><strong>EFIGEC<\/strong><\/p><p class=\"has-secondary-color-color has-text-color\">SAS au capital de 5 000 \u20ac<\/p><p class=\"has-secondary-color-color has-text-color\">3, place de l\u2019Eglise 44630 PLESS\u00c9<\/p><p class=\"has-secondary-color-color has-text-color\">T\u00e9l\u00e9phone\u00a0: 06 71 09 13 43\u00a0<\/p><p class=\"has-secondary-color-color has-text-color\">RCS de RCS de SAINT-NAZAIRE :\u00a0\u00a0918088345<\/p><p class=\"has-secondary-color-color has-text-color\">TVA intracommunautaire\u00a0: FRA 02918088345<\/p><h2 class=\"wp-block-heading has-primary-color-color has-text-color\"><strong>H\u00e9bergement<\/strong><\/h2><p class=\"has-secondary-color-color has-text-color\">Ce Site est h\u00e9berg\u00e9 par\u00a0:\u00a0<\/p><p class=\"has-secondary-color-color has-text-color\"><b>OVH<\/b><strong> Cloud<\/strong><\/p><p class=\"has-secondary-color-color has-text-color\">La consultation du site est subordonn\u00e9e \u00e0 l\u2019acceptation int\u00e9grale et au respect par les internautes, des conditions d\u2019utilisation suivantes.<\/p><p class=\"has-secondary-color-color has-text-color\">L\u2019internaute s\u2019engage \u00e0 faire un usage personnel et non commercial des informations contenues sur le site. En cas de non-respect des dispositions des pr\u00e9sentes, par l\u2019internaute, sa responsabilit\u00e9 civile et\/ou p\u00e9nale pourrai(en)t se voir engag\u00e9e(s).<\/p><h2 class=\"wp-block-heading has-primary-color-color has-text-color\"><strong>1 \u2013 CONTENU DU SITE<\/strong><\/h2><p class=\"has-secondary-color-color has-text-color\">Le site est exploit\u00e9 par l\u2019Editeur. Il pr\u00e9sente l\u2019activit\u00e9 et les services comptables propos\u00e9s par l\u2019Editeur, et leur offre la possibilit\u00e9 de formuler une demande en remplissant les formulaires de contact ou de recrutement cr\u00e9\u00e9s \u00e0 cet effet.<\/p><p class=\"has-secondary-color-color has-text-color\">L\u2019Editeur ne peut garantir l\u2019exactitude, la pr\u00e9cision, l\u2019actualisation ou l\u2019exhaustivit\u00e9 des informations pr\u00e9sent\u00e9es sur ce site. En cons\u00e9quence, l\u2019Editeur d\u00e9cline toute responsabilit\u00e9 pour les \u00e9ventuelles impr\u00e9cisions, inexactitudes ou omissions portant sur des informations disponibles sur ce site.<\/p><h2 class=\"wp-block-heading has-primary-color-color has-text-color\"><strong>2 \u2013 DONNEES PERSONNELLES<\/strong><\/h2><p class=\"has-secondary-color-color has-text-color\">L\u2019internaute peut \u00eatre amen\u00e9 \u00e0 fournir certaines donn\u00e9es personnelles en remplissant le formulaire de contact ou le formulaire de recrutement du site.<\/p><p class=\"has-secondary-color-color has-text-color\">La saisie de ces donn\u00e9es est n\u00e9cessaire au traitement de la demande d\u2019informations ou de la candidature de l\u2019internaute, par l\u2019Editeur.<\/p><p class=\"has-secondary-color-color has-text-color\">L\u2019Editeur s\u2019engage \u00e0 respecter les dispositions de la loi n\u00b078-17 du 6 janvier 1978 relative \u00e0 l\u2019informatique, aux fichiers et aux libert\u00e9s modifi\u00e9es et au R\u00e8glement (UE) 2016\/679 du Parlement europ\u00e9en et du Conseil du 27 avril 2016 dit \u00ab\u00a0<em>RGPD\u00a0<\/em>\u00bb et prendre toute pr\u00e9caution n\u00e9cessaire pour pr\u00e9server la s\u00e9curit\u00e9 des informations nominatives confi\u00e9es.<\/p><p class=\"has-secondary-color-color has-text-color\"><em>Responsable de traitement<\/em><\/p><p class=\"has-secondary-color-color has-text-color\">L\u2019Editeur traite les donn\u00e9es personnelles des internautes en qualit\u00e9 de responsable de traitement.<\/p><p><em>Donn\u00e9es personnelles trait\u00e9es et finalit\u00e9s de traitement<\/em><\/p><p class=\"has-secondary-color-color has-text-color\">L\u2019Editeur recueille sur le site des donn\u00e9es personnelles d\u2019internautes ayant pris contact avec lui via le formulaire de recrutement (nom, pr\u00e9nom, t\u00e9l\u00e9phone, e-mail, lettre de motivation, curriculum-vitae) ou de contact en ligne (nom, pr\u00e9nom, t\u00e9l\u00e9phone et e-mail). Ces donn\u00e9es sont n\u00e9cessaires afin de r\u00e9pondre \u00e0 la sollicitation des internautes. Dans ce cadre, l\u2019Editeur traite uniquement les donn\u00e9es personnelles strictement n\u00e9cessaires \u00e0 la demande de l\u2019internaute.<\/p><p class=\"has-secondary-color-color has-text-color\">La finalit\u00e9 de traitement de ces donn\u00e9es personnelles est de permettre \u00e0 l\u2019Editeur de r\u00e9pondre aux sollicitations des internautes (prise de contact ou recrutement).<\/p><p class=\"has-secondary-color-color has-text-color\">L\u2019Editeur tient par \u00e9crit un registre de traitements des donn\u00e9es personnelles trait\u00e9es sur le site.<\/p><p class=\"has-secondary-color-color has-text-color\"><em>Destinataires des donn\u00e9es personnelles<\/em><\/p><p class=\"has-secondary-color-color has-text-color\">Les donn\u00e9es personnelles collect\u00e9es sur le site sont trait\u00e9es uniquement par les membres de l\u2019\u00e9quipe de l\u2019Editeur.<\/p><p class=\"has-secondary-color-color has-text-color\">Les donn\u00e9es personnelles sont stock\u00e9es sur des serveurs d\u2019h\u00e9bergement exclusivement situ\u00e9s dans l\u2019Union europ\u00e9enne et l\u2019Editeur s\u2019engage \u00e0 ne pas transf\u00e9rer les donn\u00e9es personnelles des internautes \u00e0 des h\u00e9bergeurs dans un pays tiers.<\/p><p class=\"has-secondary-color-color has-text-color\"><em>Dur\u00e9e de conservation des donn\u00e9es personnelles<\/em><\/p><p class=\"has-secondary-color-color has-text-color\">L\u2019Editeur s\u2019engage \u00e0 conserver ces donn\u00e9es personnelles, sauf obligation l\u00e9gale ou r\u00e9glementaire contraire\u00a0:<\/p><ul class=\"has-secondary-color-color has-text-color\"><li>pour une dur\u00e9e maximale de trois (3) ans \u00e0 compter du dernier contact avec l\u2019internaute ayant rempli le formulaire de contact, que ce dernier contact soit \u00e0 l\u2019initiative de l\u2019internaute ou de l\u2019Editeur (ex\u00a0: envoi d\u2019une newsletter)\u00a0;<\/li><li>pour une dur\u00e9e maximale de deux (2) ans \u00e0 compter du dernier contact avec l\u2019internaute ayant rempli le formulaire de recrutement, que ce dernier contact soit \u00e0 l\u2019initiative de l\u2019Editeur ou du l\u2019internaute candidat non recrut\u00e9\u00a0;<\/li><li>pour une dur\u00e9e maximale de cinq (5) ans \u00e0 compter du d\u00e9part du salari\u00e9 ou du stagiaire de l\u2019entreprise de l\u2019Editeur, dans le cas o\u00f9 l\u2019internaute aura fait l\u2019objet d\u2019un recrutement effectif par l\u2019Editeur.<\/li><\/ul><p class=\"has-secondary-color-color has-text-color\">A l\u2019issue de cette dur\u00e9e ou en cas d\u2019exercice de ses droits par les internautes, l\u2019Editeur s\u2019engage \u00e0 d\u00e9truire toute copie des donn\u00e9es personnelles des internautes qu\u2019il d\u00e9tiendrait.<\/p><p class=\"has-secondary-color-color has-text-color\"><em>S\u00e9curit\u00e9 des donn\u00e9es personnelles<\/em><\/p><p class=\"has-secondary-color-color has-text-color\">L\u2019Editeur s\u2019engage, au titre de son obligation de moyens, \u00e0 prendre toutes les pr\u00e9cautions utiles et met en \u0153uvre des mesures techniques et organisationnelles appropri\u00e9es en la mati\u00e8re pour garantir un niveau de s\u00e9curit\u00e9 adapt\u00e9 et pour prot\u00e9ger les donn\u00e9es personnelles des internautes contre les alt\u00e9rations, destructions et acc\u00e8s non autoris\u00e9s.<\/p><p class=\"has-secondary-color-color has-text-color\"><em>Droits des internautes sur leurs donn\u00e9es personnelles<\/em><\/p><p class=\"has-secondary-color-color has-text-color\">Les internautes ont la possibilit\u00e9 d\u2019exercer leurs droits d\u2019acc\u00e8s, de rectification, d\u2019effacement, d\u2019opposition, de limitation du traitement, de portabilit\u00e9 de leurs donn\u00e9es personnelles et droit de ne pas faire l\u2019objet d\u2019une d\u00e9cision individuelle automatis\u00e9e (y compris le profilage), concernant les donn\u00e9es personnelles qu\u2019ils fournissent.<\/p><p class=\"has-secondary-color-color has-text-color\">Pour exercer l\u2019un de ces droits, il convient d\u2019adresser sa demande par email \u00e0 l\u2019adresse suivante\u00a0: contact@efigec.com<\/p><p class=\"has-secondary-color-color has-text-color\">L\u2019Editeur s\u2019engage \u00e0 y r\u00e9pondre dans les meilleurs d\u00e9lais et au plus tard dans un d\u00e9lai d\u2019un mois \u00e0 compter de la r\u00e9ception de la demande.<\/p><p class=\"has-secondary-color-color has-text-color\">Si les internautes consid\u00e8rent que le traitement de leurs donn\u00e9es personnelles constitue une violation de la l\u00e9gislation en vigueur, les internautes ont la possibilit\u00e9 d\u2019introduire une r\u00e9clamation aupr\u00e8s de la CNIL.<\/p><p class=\"has-secondary-color-color has-text-color\"><em>Confidentialit\u00e9 des donn\u00e9es personnelles<\/em><\/p><p class=\"has-secondary-color-color has-text-color\">L\u2019Editeur garantit la confidentialit\u00e9 des donn\u00e9es personnelles trait\u00e9es et veille \u00e0 ce que les personnes autoris\u00e9es \u00e0 traiter lesdites donn\u00e9es personnelles s\u2019engagent \u00e9galement \u00e0 respecter cette obligation de confidentialit\u00e9.<\/p><h2 class=\"wp-block-heading has-primary-color-color has-text-color\"><strong>3 \u2013 PROPRIETE INTELLECTUELLE<\/strong><\/h2><p class=\"has-secondary-color-color has-text-color\">Les logiciels, les syst\u00e8mes, structures, architectures, infrastructures, bases de donn\u00e9es mis en \u0153uvre par la soci\u00e9t\u00e9 EFIGEC sur le site sont prot\u00e9g\u00e9s par des droits de propri\u00e9t\u00e9 intellectuelle en vigueur appartenant \u00e0 ladite soci\u00e9t\u00e9.<\/p><p class=\"has-secondary-color-color has-text-color\">Les contenus du site incr\u00e9ment\u00e9s par l\u2019Editeur sur la maquette du site mis \u00e0 disposition par EFIGEC (textes, images, visuels, logo et marques) sont prot\u00e9g\u00e9s par des droits de propri\u00e9t\u00e9 intellectuelle en vigueur appartenant \u00e0 l\u2019Editeur.<\/p><p class=\"has-secondary-color-color has-text-color\">Toutes reproduction, repr\u00e9sentation, diffusion et utilisation de l\u2019un quelconque de ces \u00e9l\u00e9ments, y compris d\u00e9sassemblages, d\u00e9compilations, d\u00e9cryptages, extractions, t\u00e9l\u00e9chargement, r\u00e9utilisations, copies, en tout ou partie, sans l\u2019autorisation de EFIGEC ou de l\u2019Editeur selon le cas sont strictement interdits, sous peine de poursuites judiciaires.<\/p><h2 class=\"wp-block-heading has-primary-color-color has-text-color\"><strong>4 \u2013 LIENS HYPERTEXTES<\/strong><\/h2><p class=\"has-secondary-color-color has-text-color\">Les liens hypertextes \u00e9ventuellement mis en place dans le cadre du pr\u00e9sent site en direction d\u2019autres sites pr\u00e9sents sur le r\u00e9seau Internet, ne sauraient engager la responsabilit\u00e9 de l\u2019Editeur en ce qui concerne leur contenu ou les liens qu\u2019ils contiennent, ainsi que leurs conditions d\u2019exploitation (notamment gestion des donn\u00e9es personnelles, etc.).<\/p><p class=\"has-secondary-color-color has-text-color\">La pr\u00e9sence \u00e9ventuelle de liens hypertextes pr\u00e9sents sur le site ne cr\u00e9e pas une solidarit\u00e9 de responsabilit\u00e9 entre l\u2019Editeur et les propri\u00e9taires des autres sites, quant au contenu des sites sur lesquels est redirig\u00e9 l\u2019internaute. Seule la responsabilit\u00e9 desdits sites peut \u00eatre engag\u00e9e.<\/p><h2 class=\"wp-block-heading has-primary-color-color has-text-color\"><strong>5 \u2013 EXONERATION DE LA RESPONSABILITE<\/strong><\/h2><p class=\"has-secondary-color-color has-text-color\">L\u2019Editeur s\u2019engage \u00e0 faire ses meilleurs efforts pour que le site soit accessible \u00e0 tout moment.<\/p><p class=\"has-secondary-color-color has-text-color\">N\u00e9anmoins, l\u2019Editeur d\u00e9cline toute responsabilit\u00e9 en cas de difficult\u00e9 d\u2019acc\u00e8s \u00e0 son site ou d\u2019interruptions dans la connexion, quelles qu\u2019en soient les causes.<\/p><p class=\"has-secondary-color-color has-text-color\">Notamment, l\u2019Editeur se r\u00e9serve le droit de proc\u00e9der \u00e0 toute modification du site qu\u2019il jugera utile, et cela sans avertissement pr\u00e9alable et m\u00eame si l\u2019acc\u00e8s au site en est cons\u00e9quemment interrompu. De plus, l\u2019Editeur ne saurait \u00eatre tenu responsable des \u00e9ventuels dommages directs ou indirects, y compris l\u2019inaccessibilit\u00e9 au site, les pertes de donn\u00e9es, d\u00e9t\u00e9riorations, destructions ou virus qui pourraient affecter l\u2019\u00e9quipement informatique de l\u2019internaute, et\/ou de la pr\u00e9sence de virus sur son site.<\/p><h2 class=\"wp-block-heading has-primary-color-color has-text-color\"><strong>6 \u2013 DONNES PERSONNELLES<\/strong><\/h2><h3 class=\"has-secondary-color-color has-text-color\"><strong>6.1.\u00a0\u00a0\u00a0\u00a0\u00a0 Traitement de donn\u00e9es personnelles par EFIGEC et le Client en qualit\u00e9 de responsables de traitement dans le cadre de la commande et de l\u2019ex\u00e9cution des Prestations<\/strong><\/h3><p class=\"has-secondary-color-color has-text-color\">Dans le cadre de la commande et de l\u2019ex\u00e9cution des Prestations, le Client et EFIGEC sont, en qualit\u00e9 de responsable de traitement, amen\u00e9s \u00e0 traiter pour leur propre compte, des donn\u00e9es personnelles de pr\u00e9pos\u00e9s, dirigeants, sous-traitants, agents et\/ou prestataires de l\u2019autre Partie (ex : nom, pr\u00e9nom, email, t\u00e9l\u00e9phone, etc.).<\/p><p class=\"has-secondary-color-color has-text-color\">A ce titre, chacune des Parties s\u2019engage, dans ce cadre, \u00e0 respecter la confidentialit\u00e9 et la s\u00e9curit\u00e9 de ces donn\u00e9es personnelles, conform\u00e9ment aux dispositions issues de la loi n\u00b078-17 du 6 janvier 1978 ainsi qu\u2019aux dispositions du RGPD.<\/p><p class=\"has-secondary-color-color has-text-color\">Les pr\u00e9pos\u00e9s, dirigeants, sous-traitants, agents et\/ou prestataires de chacune des Parties dont les donn\u00e9es ont \u00e9t\u00e9 collect\u00e9es et trait\u00e9es par l\u2019autre dispose \u00e0 tout moment de la possibilit\u00e9 d\u2019exercer ses droits sur ses donn\u00e9es personnelles (droits d\u2019acc\u00e8s, de rectification, d\u2019effacement, d\u2019opposition, de limitation du traitement, de portabilit\u00e9 des donn\u00e9es personnelles et de ne pas faire l\u2019objet d\u2019une d\u00e9cision individuelle automatis\u00e9e).<\/p><p class=\"has-secondary-color-color has-text-color\">Ces derniers disposent de la possibilit\u00e9 d\u2019introduire une r\u00e9clamation aupr\u00e8s de l\u2019autorit\u00e9 de contr\u00f4le comp\u00e9tente (<a href=\"http:\/\/www.cnil.fr\/\">www.cnil.fr<\/a>). Ces donn\u00e9es personnelles sont conserv\u00e9es pendant une dur\u00e9e de trois (3) ans \u00e0 compter de la fin des Prestations, sauf dur\u00e9e plus longue conform\u00e9ment \u00e0 une obligation l\u00e9gale de conservation.<\/p><h3 class=\"wp-block-heading has-primary-color-color has-text-color\"><strong>6.2.\u00a0\u00a0\u00a0\u00a0\u00a0 Traitement des Donn\u00e9es Personnelles des internautes visitant le site du Client :<\/strong><\/h3><p class=\"has-secondary-color-color has-text-color\">6.2.1\u00a0\u00a0\u00a0 CLASSE 7 COMMUNICATION, sous-traitante au sens du RGPD, est autoris\u00e9e \u00e0 traiter pour le compte du Client, les donn\u00e9es personnelles collect\u00e9es par le Client par le biais des formulaires de contact et de recrutement pr\u00e9sents sur le site de pr\u00e9sentation du Client. Les donn\u00e9es personnelles concern\u00e9es sont relatives notamment aux internautes et candidats au recrutement aupr\u00e8s du Client, et portent notamment sur les nom, pr\u00e9nom, adresse e-mail, num\u00e9ro de t\u00e9l\u00e9phone, curriculum-vitae et lettre de motivation.<\/p><p class=\"has-secondary-color-color has-text-color\">La finalit\u00e9 de traitement de chacune des donn\u00e9es personnelles est d\u2019assurer la prise de contact et de renseignement de prospects et de permettre l\u2019envoi de candidatures spontan\u00e9es pour un emploi ou un stage par des internautes.<\/p><p class=\"has-secondary-color-color has-text-color\">\u00a0\u00a0\u00a0\u00a0\u00a0\u00a0\u00a0\u00a0\u00a0\u00a0\u00a0 Elles sont conserv\u00e9es pour la dur\u00e9e pr\u00e9vue \u00e0 la politique de confidentialit\u00e9 du Client.<\/p><p class=\"has-secondary-color-color has-text-color\">CLASSE 7 COMMUNICATION doit tenir un registre \u00e9crit de tous les traitements de donn\u00e9es personnelles qu\u2019elle r\u00e9alise pour le compte du Client comprenant l\u2019ensemble des informations vis\u00e9es \u00e0 l\u2019article 30.2 du RGPD.<\/p><p class=\"has-secondary-color-color has-text-color\">6.2.2<strong>\u00a0\u00a0\u00a0\u00a0<\/strong>CLASSE 7 COMMUNICATION s\u2019engage \u00e0 :<\/p><p class=\"has-secondary-color-color has-text-color\"><strong>a)<\/strong>\u00a0traiter les donn\u00e9es personnelles des personnes concern\u00e9es uniquement aux fins de la poursuite des finalit\u00e9s d\u00e9finies par le Client ;<\/p><p class=\"has-secondary-color-color has-text-color\"><strong>b)<\/strong>\u00a0traiter les donn\u00e9es personnelles des personnes concern\u00e9es conform\u00e9ment aux instructions fournies par le Client ;<\/p><p class=\"has-secondary-color-color has-text-color\"><strong>c)<\/strong>\u00a0informer imm\u00e9diatement le Client, si la ou les nouvelles instructions fournies par lui constituent, selon elle, une violation de la r\u00e9glementation en vigueur en mati\u00e8re de donn\u00e9es personnelles\u00a0;<\/p><p class=\"has-secondary-color-color has-text-color\"><strong>d)<\/strong>\u00a0n\u2019effectuer le cas \u00e9ch\u00e9ant un transfert des donn\u00e9es personnelles hors Union Europ\u00e9enne, qu\u2019apr\u00e8s avoir obtenu l\u2019autorisation pr\u00e9alable \u00e9crite du Client et apr\u00e8s s\u2019\u00eatre assur\u00e9 que le niveau de protection dans ce pays est suffisant\u00a0;\u00a0<\/p><p class=\"has-secondary-color-color has-text-color\"><strong>e)<\/strong>\u00a0veiller \u00e0 ce que les personnes ayant acc\u00e8s aux donn\u00e9es personnelles (ex\u00a0: employ\u00e9s, sous-traitants autoris\u00e9s etc.) s\u2019engagent \u00e0 respecter la confidentialit\u00e9 ou soient soumises \u00e0 une obligation l\u00e9gale appropri\u00e9e de confidentialit\u00e9 ;\u00a0<\/p><p class=\"has-secondary-color-color has-text-color\"><strong>f)<\/strong>\u00a0prendre en compte, s\u2019agissant de ses outils, produits, applications ou Prestations, les principes de\u00a0protection des donn\u00e9es d\u00e8s la conception\u00a0et de\u00a0protection des donn\u00e9es par d\u00e9faut.<\/p><p class=\"has-secondary-color-color has-text-color\"><strong>g)\u00a0<\/strong>aider, le cas \u00e9ch\u00e9ant, le Client dans l\u2019\u00e9tablissement d\u2019analyses d\u2019impact des traitements envisag\u00e9s, et pour la r\u00e9alisation d\u2019audits et d\u2019inspections, en lui fournissant la documentation n\u00e9cessaire ;\u00a0<\/p><p class=\"has-secondary-color-color has-text-color\"><strong>h)<\/strong>\u00a0recruter des sous-traitants dans les conditions pr\u00e9cis\u00e9es \u00e0 l\u2019article 9.2.3 ci-apr\u00e8s ;<\/p><p class=\"has-secondary-color-color has-text-color\"><strong>i)<\/strong>\u00a0supprimer ou renvoyer les donn\u00e9es personnelles au Client \u00e0 l\u2019issue du terme contractuel, et d\u00e9truire les copies existantes, sauf obligation l\u00e9gale ou r\u00e9glementaire de les conserver pendant un d\u00e9lai d\u00e9termin\u00e9 ;<\/p><p class=\"has-secondary-color-color has-text-color\"><strong>j)<\/strong>\u00a0informer le Client de toute inspection men\u00e9e par la CNIL dans la mesure o\u00f9 ces inspections concernent l\u2019objet des pr\u00e9sentes ;\u00a0<\/p><p class=\"has-secondary-color-color has-text-color\"><strong>k)<\/strong>\u00a0apporter son concours au Client s\u2019il faisait l\u2019objet d\u2019une inspection par la CNIL.<\/p><p class=\"has-secondary-color-color has-text-color\">6.2.3<strong>\u00a0\u00a0\u00a0\u00a0<\/strong>EFIGEC peut faire appel \u00e0 un autre sous-traitant pour mener des activit\u00e9s de traitement instruites par le Client. Dans ce cas, sa seule obligation consiste \u00e0 en informer pr\u00e9alablement par \u00e9crit le Client de tout changement envisag\u00e9 concernant l\u2019ajout ou le remplacement d\u2019autres sous-traitants.<\/p><p class=\"has-secondary-color-color has-text-color\">Chaque sous-traitant est tenu de respecter les obligations du pr\u00e9sent article pour le compte et selon les instructions du Client. EFIGEC s\u2019engage \u00e0 s\u2019assurer que chaque sous-traitant auquel elle aura recours pr\u00e9sente les garanties suffisantes quant au respect de la l\u00e9gislation en vigueur sur la protection des donn\u00e9es personnelles.<\/p><p class=\"has-secondary-color-color has-text-color\">En cas de mauvaise ex\u00e9cution de ses obligations par le sous-traitant autoris\u00e9, EFIGEC demeure pleinement responsable vis-\u00e0-vis du Client de l\u2019ex\u00e9cution par le sous-traitant de ses obligations.<\/p><p class=\"has-secondary-color-color has-text-color\">6.2.4<strong>\u00a0\u00a0\u00a0\u00a0<\/strong>Le Client doit par lui-m\u00eame informer les personnes concern\u00e9es du traitement de leurs donn\u00e9es personnelles et de leurs droits. Une politique de confidentialit\u00e9 type est propos\u00e9e par d\u00e9faut sur la page des mentions l\u00e9gales pr\u00e9vue dans le site internet, le Client restant toutefois seul responsable de l\u2019ad\u00e9quation de celle-ci \u00e0 la l\u00e9gislation en mati\u00e8re de donn\u00e9es personnelles et \u00e0 son cas particulier.<\/p><p class=\"has-secondary-color-color has-text-color\">Les personnes concern\u00e9es devront exercer leurs droits (droit d\u2019acc\u00e8s, de rectification, d\u2019effacement et d\u2019opposition, droit \u00e0 la limitation du traitement, droit \u00e0 la portabilit\u00e9 des donn\u00e9es, droit de ne pas faire l\u2019objet d\u2019une d\u00e9cision individuelle automatis\u00e9e (y compris profilage) directement aupr\u00e8s du Client.<\/p><p class=\"has-secondary-color-color has-text-color\">6.2.5<strong>\u00a0\u00a0\u00a0\u00a0<\/strong>En cas de violation des donn\u00e9es personnelles (ex : failles de s\u00e9curit\u00e9), EFIGEC s\u2019engage \u00e0 en informer le Client dans les meilleurs d\u00e9lais \u00e0 compter de sa connaissance, pour permettre au Client de la notifier \u00e0 la CNIL si ce dernier ne l\u2019a pas identifi\u00e9 pr\u00e9alablement.<\/p><p class=\"has-secondary-color-color has-text-color\">Dans le m\u00eame d\u00e9lai, EFIGEC s\u2019engage \u00e0 communiquer au Client toute pr\u00e9cision et documentation utile, en sa possession, lui permettant d\u2019\u00e9tayer sa notification aupr\u00e8s de la CNIL ainsi que l\u2019information de la personne concern\u00e9e.\u00a0 Cette documentation comporte au moins les informations suivantes :<\/p><ul class=\"has-secondary-color-color has-text-color\"><li>la description de la nature de la violation de donn\u00e9es personnelles y compris, si possible, les cat\u00e9gories et le nombre approximatif de personnes concern\u00e9es par la violation et les cat\u00e9gories et le nombre approximatif d\u2019enregistrements de donn\u00e9es personnelles concern\u00e9s\u00a0;<\/li><li>la description des cons\u00e9quences probables de la violation de donn\u00e9es personnelles ;<\/li><li>la description des mesures prises ou qu\u2019elle propose de prendre pour rem\u00e9dier \u00e0 la violation de donn\u00e9es personnelles, y compris, le cas \u00e9ch\u00e9ant, les mesures pour en att\u00e9nuer les \u00e9ventuelles cons\u00e9quences n\u00e9gatives.<\/li><\/ul><p class=\"has-primary-color-color has-text-color\"><strong>PROPRIETE INTELLECTUELLE<\/strong><\/p><p class=\"has-secondary-color-color has-text-color\">La structure g\u00e9n\u00e9rale du Site, les textes, les donn\u00e9es et les \u00e9l\u00e9ments graphiques, anim\u00e9s ou non, les vid\u00e9os constituent des \u0153uvres qui sont prot\u00e9g\u00e9es en tant que telles par les lois sur la propri\u00e9t\u00e9 intellectuelle, en particulier par le droit d\u2019auteur, les dessins et mod\u00e8les et le droit des marques, et par les trait\u00e9s internationaux. La structure g\u00e9n\u00e9rale du Site, les textes, les donn\u00e9es et les \u00e9l\u00e9ments graphiques du Site ne doivent en aucun cas \u00eatre modifi\u00e9s, reproduits, affich\u00e9s, pr\u00e9sent\u00e9s, distribu\u00e9s ou utilis\u00e9s \u00e0 des fins d\u2019int\u00e9r\u00eat public ou commercial.<\/p><p>Toute personne qui t\u00e9l\u00e9charge ou recueille des informations diffus\u00e9es sur le Site ne dispose sur celles-ci que d\u2019un droit d\u2019usage priv\u00e9, personnel et non transmissible.<\/p><p>Les informations recueillies ne sont susceptibles que d\u2019une seule reproduction papier ou num\u00e9rique. Toute utilisation des informations recueillies devra mentionner la source. Les \u0153uvres prot\u00e9g\u00e9es reproduites sur le Site et n\u2019appartenant pas \u00e0 la soci\u00e9t\u00e9 WEBLEX ont fait l\u2019objet d\u2019une autorisation expresse et pr\u00e9alable de reproduction de la part du titulaire des droits.<\/p><p>Les liens hypertextes mis en place en direction d\u2019autres sites, principalement vers les sites des partenaires de la soci\u00e9t\u00e9 WEBLEX ont fait l\u2019objet d\u2019une autorisation expresse et pr\u00e9alable.<\/p><p>Les liens \u00e9tant fournis pour la convenance personnelle des internautes, la soci\u00e9t\u00e9 WEBLEX n\u2019exerce aucun contr\u00f4le sur ces sites et n\u2019accepte aucune responsabilit\u00e9 \u00e0 leur \u00e9gard, les pages restant de la seule responsabilit\u00e9 de leurs titulaires.<\/p><p class=\"has-secondary-color-color has-text-color\">La reproduction d\u2019une page du Site dans un cadre n\u2019appartenant pas \u00e0 la soci\u00e9t\u00e9 WEBLEX ou l\u2019insertion d\u2019une page appartenant \u00e0 la soci\u00e9t\u00e9 WEBLEX dans la page d\u2019un site n\u2019appartenant pas \u00e0 la soci\u00e9t\u00e9 WEBLEX est interdite, sauf autorisation expresse de la soci\u00e9t\u00e9 WEBLEX.<\/p><p>A d\u00e9faut d\u2019autorisation \u00e9crite et pr\u00e9alable par la soci\u00e9t\u00e9 WEBLEX, toute reproduction totale ou partielle est sanctionn\u00e9e par le Code de la Propri\u00e9t\u00e9 Intellectuelle.<\/p>\t\t\t\t\t\t\t\t<\/div>\n\t\t\t\t<\/div>\n\t\t\t\t\t<\/div>\n\t\t<\/div>\n\t\t\t\t\t<\/div>\n\t\t<\/section>\n\t\t\t\t<\/div>\n\t\t","protected":false},"excerpt":{"rendered":"<p>Edition Ce site est \u00e9dit\u00e9 par\u00a0: EFIGEC(ci-apr\u00e8s \u00ab\u00a0l\u2019Editeur\u00a0\u00bb) SAS au capital de 5 000 \u20ac 3, place de l\u2019Eglise 44630 PLESS\u00c9 T\u00e9l\u00e9phone\u00a0: 06 71 09 13 43\u00a0 RCS de RCS de SAINT-NAZAIRE :\u00a0\u00a0918088345 TVA intracommunautaire\u00a0: FRA 02918088345 Le Directeur de la publication est Madame\u00a0Ga\u00eblle BOUILLO\u00a0 L\u2019\u00c9diteur exerce une activit\u00e9 r\u00e9glement\u00e9e d\u2019expertise comptable en France, et [&hellip;]<\/p>\n","protected":false},"author":1,"featured_media":0,"parent":0,"menu_order":0,"comment_status":"closed","ping_status":"closed","template":"","meta":{"footnotes":""},"class_list":["post-1228","page","type-page","status-publish","hentry","wpbf-post"],"_links":{"self":[{"href":"https:\/\/efigec.com\/index.php\/wp-json\/wp\/v2\/pages\/1228","targetHints":{"allow":["GET"]}}],"collection":[{"href":"https:\/\/efigec.com\/index.php\/wp-json\/wp\/v2\/pages"}],"about":[{"href":"https:\/\/efigec.com\/index.php\/wp-json\/wp\/v2\/types\/page"}],"author":[{"embeddable":true,"href":"https:\/\/efigec.com\/index.php\/wp-json\/wp\/v2\/users\/1"}],"replies":[{"embeddable":true,"href":"https:\/\/efigec.com\/index.php\/wp-json\/wp\/v2\/comments?post=1228"}],"version-history":[{"count":17,"href":"https:\/\/efigec.com\/index.php\/wp-json\/wp\/v2\/pages\/1228\/revisions"}],"predecessor-version":[{"id":1450,"href":"https:\/\/efigec.com\/index.php\/wp-json\/wp\/v2\/pages\/1228\/revisions\/1450"}],"wp:attachment":[{"href":"https:\/\/efigec.com\/index.php\/wp-json\/wp\/v2\/media?parent=1228"}],"curies":[{"name":"wp","href":"https:\/\/api.w.org\/{rel}","templated":true}]}}